{"id":3666,"date":"2022-04-07T10:58:12","date_gmt":"2022-04-07T08:58:12","guid":{"rendered":"https:\/\/www.acotv.org\/?page_id=3666"},"modified":"2022-04-07T13:52:45","modified_gmt":"2022-04-07T11:52:45","slug":"difusion-en-las-escuelas","status":"publish","type":"page","link":"https:\/\/www.acotv.org\/es\/difusion-en-las-escuelas\/","title":{"rendered":"Difusi\u00f3n en las Escuelas"},"content":{"rendered":"\t\t<div data-elementor-type=\"wp-page\" data-elementor-id=\"3666\" class=\"elementor elementor-3666\" data-elementor-post-type=\"page\">\n\t\t\t\t\t\t<section class=\"elementor-section elementor-top-section elementor-element elementor-element-8211355 elementor-section-boxed elementor-section-height-default elementor-section-height-default\" data-id=\"8211355\" data-element_type=\"section\">\n\t\t\t\t\t\t<div class=\"elementor-container elementor-column-gap-default\">\n\t\t\t\t\t<div class=\"elementor-column elementor-col-100 elementor-top-column elementor-element elementor-element-1acd93f\" data-id=\"1acd93f\" data-element_type=\"column\">\n\t\t\t<div class=\"elementor-widget-wrap elementor-element-populated\">\n\t\t\t\t\t\t<div class=\"elementor-element elementor-element-2aee01e elementor-widget elementor-widget-heading\" data-id=\"2aee01e\" data-element_type=\"widget\" data-widget_type=\"heading.default\">\n\t\t\t\t<div class=\"elementor-widget-container\">\n\t\t\t\t\t<h1 class=\"elementor-heading-title elementor-size-default\">Difusi\u00f3n en las Escuelas<\/h1>\t\t\t\t<\/div>\n\t\t\t\t<\/div>\n\t\t\t\t<div class=\"elementor-element elementor-element-7b0a45a elementor-widget elementor-widget-image\" data-id=\"7b0a45a\" data-element_type=\"widget\" data-widget_type=\"image.default\">\n\t\t\t\t<div class=\"elementor-widget-container\">\n\t\t\t\t\t\t\t\t\t\t\t\t\t\t\t<img fetchpriority=\"high\" decoding=\"async\" width=\"1033\" height=\"464\" src=\"https:\/\/www.acotv.org\/wp-content\/uploads\/charla-escuelas.jpg\" class=\"attachment-full size-full wp-image-3679\" alt=\"charla escuelas\" srcset=\"https:\/\/www.acotv.org\/wp-content\/uploads\/charla-escuelas.jpg 1033w, https:\/\/www.acotv.org\/wp-content\/uploads\/charla-escuelas-300x135.jpg 300w, https:\/\/www.acotv.org\/wp-content\/uploads\/charla-escuelas-1024x460.jpg 1024w, https:\/\/www.acotv.org\/wp-content\/uploads\/charla-escuelas-768x345.jpg 768w\" sizes=\"(max-width: 1033px) 100vw, 1033px\" \/>\t\t\t\t\t\t\t\t\t\t\t\t\t\t\t<\/div>\n\t\t\t\t<\/div>\n\t\t\t\t<div class=\"elementor-element elementor-element-cc9fcdf elementor-widget elementor-widget-text-editor\" data-id=\"cc9fcdf\" data-element_type=\"widget\" data-widget_type=\"text-editor.default\">\n\t\t\t\t<div class=\"elementor-widget-container\">\n\t\t\t\t\t\t\t\t\t<p>La optometr\u00eda es un campo cada vez m\u00e1s conocido dentro del \u00e1mbito profesional de la educaci\u00f3n. Es por ello que la Asociaci\u00f3n quiere divulgar su labor a todos aquellos profesionales que est\u00e1n implicados tanto en la docencia como en el cuidado de la salud infantil: maestros, psic\u00f3logos, pedagogos, pediatras, logopedas&#8230;<\/p><p>Desde la <strong>ACOTV<\/strong> queremos dar a conocer la importancia de la terapia visual para resolver muchas dificultades y s\u00edntomas que no se solucionan s\u00f3lo con unas gafas.<\/p><p>Por otro lado queremos fomentar la prevenci\u00f3n de futuros problemas visuales.<\/p><p>Para difundir de forma sencilla y clara nuestra labor, desde la <strong>ACOTV<\/strong>, hace tiempo que organizamos unas conferencias destinadas a las escuelas, las AMPA y los colectivos profesionales que nos lo soliciten.<\/p><p><strong>En estas conferencias, explicamos:<\/strong><\/p><ul><li>Qu\u00e9 es la optometr\u00eda.<\/li><li>Qu\u00e9 es la terapia visual.<\/li><li>C\u00f3mo las dificultades visuales afectan al aprendizaje o al \u00e1mbito laboral.<\/li><li>S\u00edntomas que pueden interferir en el rendimiento de la persona.<\/li><li>C\u00f3mo detectamos y tratamos las dificultades visuales.<\/li><li>Consejos de higiene y ergonom\u00eda visual para prevenir futuros problemas visuales.<\/li><\/ul><p>El ponente es un asociado de la <strong>ACOTV<\/strong>, lo cual garantiza la profesionalidad de la persona que realiza esta conferencia. El tiempo que dura aproximadamente es de una hora, con preguntas incluidas.<\/p><p>Para completar esta informaci\u00f3n, la Asociaci\u00f3n entrega unos p\u00f3sters,donde se presentan de forma divertida unos consejos de higiene visual y unos tr\u00edpticos para los asistentes d\u00f3nde se exponen los s\u00edntomas que pueden interferir en el aprendizaje y su tratamiento.<\/p><p>La escuela nada m\u00e1s tiene que indicar la fecha de disponibilidad, es decir, los d\u00edas y los horarios que le sean m\u00e1s adecuados para poder llevar a t\u00e9rmino la conferencia. La Asociaci\u00f3n har\u00e1 la gesti\u00f3n con el asociado m\u00e1s pr\u00f3ximo a vuestro territorio y os informar\u00e1 de todos los pasos que se han de seguir.<\/p>\t\t\t\t\t\t\t\t<\/div>\n\t\t\t\t<\/div>\n\t\t\t\t\t<\/div>\n\t\t<\/div>\n\t\t\t\t\t<\/div>\n\t\t<\/section>\n\t\t\t\t<section class=\"elementor-section elementor-top-section elementor-element elementor-element-fa90bae elementor-section-boxed elementor-section-height-default elementor-section-height-default\" data-id=\"fa90bae\" data-element_type=\"section\">\n\t\t\t\t\t\t<div class=\"elementor-container elementor-column-gap-default\">\n\t\t\t\t\t<div class=\"elementor-column elementor-col-100 elementor-top-column elementor-element elementor-element-32c35c1\" data-id=\"32c35c1\" data-element_type=\"column\">\n\t\t\t<div class=\"elementor-widget-wrap elementor-element-populated\">\n\t\t\t\t\t\t<div class=\"elementor-element elementor-element-8343744 elementor-widget elementor-widget-heading\" data-id=\"8343744\" data-element_type=\"widget\" data-widget_type=\"heading.default\">\n\t\t\t\t<div class=\"elementor-widget-container\">\n\t\t\t\t\t<h2 class=\"elementor-heading-title elementor-size-default\"><strong>Solicitud de charlas informativas en mi escuela<\/strong><\/h2>\t\t\t\t<\/div>\n\t\t\t\t<\/div>\n\t\t\t\t<div class=\"elementor-element elementor-element-b27a3fe elementor-widget elementor-widget-text-editor\" data-id=\"b27a3fe\" data-element_type=\"widget\" data-widget_type=\"text-editor.default\">\n\t\t\t\t<div class=\"elementor-widget-container\">\n\t\t\t\t\t\t\t\t\t<p style=\"text-align: center;\">Si envias este formulario est\u00e1s aceptando la pol\u00edtica de protecci\u00f3n de datos RGPD.<\/p>\t\t\t\t\t\t\t\t<\/div>\n\t\t\t\t<\/div>\n\t\t\t\t<div class=\"elementor-element elementor-element-a66ed9d elementor-button-align-center elementor-widget elementor-widget-form\" data-id=\"a66ed9d\" data-element_type=\"widget\" data-settings=\"{&quot;step_next_label&quot;:&quot;Next&quot;,&quot;step_previous_label&quot;:&quot;Previous&quot;,&quot;button_width&quot;:&quot;100&quot;,&quot;step_type&quot;:&quot;number_text&quot;,&quot;step_icon_shape&quot;:&quot;circle&quot;}\" data-widget_type=\"form.default\">\n\t\t\t\t<div class=\"elementor-widget-container\">\n\t\t\t\t\t\t\t<form class=\"elementor-form\" method=\"post\" name=\"formulario escuelas ES\" aria-label=\"formulario escuelas ES\">\n\t\t\t<input type=\"hidden\" name=\"post_id\" value=\"3666\"\/>\n\t\t\t<input type=\"hidden\" name=\"form_id\" value=\"a66ed9d\"\/>\n\t\t\t<input type=\"hidden\" name=\"referer_title\" value=\"Difusi\u00f3n en las Escuelas - Asociaci\u00f3n Catalana de Optometr\u00eda y Terapia Visual\" \/>\n\n\t\t\t\t\t\t\t<input type=\"hidden\" name=\"queried_id\" value=\"3666\"\/>\n\t\t\t\n\t\t\t<div class=\"elementor-form-fields-wrapper elementor-labels-above\">\n\t\t\t\t\t\t\t\t<div class=\"elementor-field-type-text elementor-field-group elementor-column elementor-field-group-name elementor-col-100 elementor-field-required elementor-mark-required\">\n\t\t\t\t\t\t\t\t\t\t\t\t<label for=\"form-field-name\" class=\"elementor-field-label\">\n\t\t\t\t\t\t\t\tNombre\t\t\t\t\t\t\t<\/label>\n\t\t\t\t\t\t\t\t\t\t\t\t\t\t<input size=\"1\" type=\"text\" name=\"form_fields[name]\" id=\"form-field-name\" class=\"elementor-field elementor-size-md  elementor-field-textual\" placeholder=\"Nombre\" required=\"required\">\n\t\t\t\t\t\t\t\t\t\t\t<\/div>\n\t\t\t\t\t\t\t\t<div class=\"elementor-field-type-email elementor-field-group elementor-column elementor-field-group-mail2 elementor-col-50 elementor-field-required elementor-mark-required\">\n\t\t\t\t\t\t\t\t\t\t\t\t<label for=\"form-field-mail2\" class=\"elementor-field-label\">\n\t\t\t\t\t\t\t\tEmail\t\t\t\t\t\t\t<\/label>\n\t\t\t\t\t\t\t\t\t\t\t\t\t\t<input size=\"1\" type=\"email\" name=\"form_fields[mail2]\" id=\"form-field-mail2\" class=\"elementor-field elementor-size-md  elementor-field-textual\" placeholder=\"Email\" required=\"required\">\n\t\t\t\t\t\t\t\t\t\t\t<\/div>\n\t\t\t\t\t\t\t\t<div class=\"elementor-field-type-text elementor-field-group elementor-column elementor-field-group-telefono elementor-col-50 elementor-field-required elementor-mark-required\">\n\t\t\t\t\t\t\t\t\t\t\t\t<label for=\"form-field-telefono\" class=\"elementor-field-label\">\n\t\t\t\t\t\t\t\tTel\u00e9fono de contacto\t\t\t\t\t\t\t<\/label>\n\t\t\t\t\t\t\t\t\t\t\t\t\t\t<input size=\"1\" type=\"text\" name=\"form_fields[telefono]\" id=\"form-field-telefono\" class=\"elementor-field elementor-size-md  elementor-field-textual\" placeholder=\"Tel\u00e9fono\" required=\"required\">\n\t\t\t\t\t\t\t\t\t\t\t<\/div>\n\t\t\t\t\t\t\t\t<div class=\"elementor-field-type-text elementor-field-group elementor-column elementor-field-group-escuela elementor-col-100 elementor-field-required elementor-mark-required\">\n\t\t\t\t\t\t\t\t\t\t\t\t<label for=\"form-field-escuela\" class=\"elementor-field-label\">\n\t\t\t\t\t\t\t\tNombre Escuela\t\t\t\t\t\t\t<\/label>\n\t\t\t\t\t\t\t\t\t\t\t\t\t\t<input size=\"1\" type=\"text\" name=\"form_fields[escuela]\" id=\"form-field-escuela\" class=\"elementor-field elementor-size-md  elementor-field-textual\" placeholder=\"Nombre Escuela\" required=\"required\">\n\t\t\t\t\t\t\t\t\t\t\t<\/div>\n\t\t\t\t\t\t\t\t<div class=\"elementor-field-type-text elementor-field-group elementor-column elementor-field-group-field_2545458 elementor-col-100 elementor-field-required elementor-mark-required\">\n\t\t\t\t\t\t\t\t\t\t\t\t<label for=\"form-field-field_2545458\" class=\"elementor-field-label\">\n\t\t\t\t\t\t\t\tDirecci\u00f3n\t\t\t\t\t\t\t<\/label>\n\t\t\t\t\t\t\t\t\t\t\t\t\t\t<input size=\"1\" type=\"text\" name=\"form_fields[field_2545458]\" id=\"form-field-field_2545458\" class=\"elementor-field elementor-size-md  elementor-field-textual\" placeholder=\"Direcci\u00f3n\" required=\"required\">\n\t\t\t\t\t\t\t\t\t\t\t<\/div>\n\t\t\t\t\t\t\t\t<div class=\"elementor-field-type-text elementor-field-group elementor-column elementor-field-group-field_f7ed1a8 elementor-col-100 elementor-field-required elementor-mark-required\">\n\t\t\t\t\t\t\t\t\t\t\t\t<label for=\"form-field-field_f7ed1a8\" class=\"elementor-field-label\">\n\t\t\t\t\t\t\t\tFechas de disponibilidad y Horarios\t\t\t\t\t\t\t<\/label>\n\t\t\t\t\t\t\t\t\t\t\t\t\t\t<input size=\"1\" type=\"text\" name=\"form_fields[field_f7ed1a8]\" id=\"form-field-field_f7ed1a8\" class=\"elementor-field elementor-size-md  elementor-field-textual\" placeholder=\"Fechas de disponibilidad y Horarios\" required=\"required\">\n\t\t\t\t\t\t\t\t\t\t\t<\/div>\n\t\t\t\t\t\t\t\t<div class=\"elementor-field-type-textarea elementor-field-group elementor-column elementor-field-group-message elementor-col-100 elementor-field-required elementor-mark-required\">\n\t\t\t\t\t\t\t\t\t\t\t\t<label for=\"form-field-message\" class=\"elementor-field-label\">\n\t\t\t\t\t\t\t\tMensaje\t\t\t\t\t\t\t<\/label>\n\t\t\t\t\t\t<textarea class=\"elementor-field-textual elementor-field  elementor-size-md\" name=\"form_fields[message]\" id=\"form-field-message\" rows=\"4\" placeholder=\"Indique aqu\u00ed el motivo de su consulta\" required=\"required\"><\/textarea>\t\t\t\t<\/div>\n\t\t\t\t\t\t\t\t<div class=\"elementor-field-type-text\">\n\t\t\t\t\t<input size=\"1\" type=\"text\" name=\"form_fields[field_3193262]\" id=\"form-field-field_3193262\" class=\"elementor-field elementor-size-md \" style=\"display:none !important;\">\t\t\t\t<\/div>\n\t\t\t\t\t\t\t\t<div class=\"elementor-field-type-html elementor-field-group elementor-column elementor-field-group-field_6e2b61c elementor-col-100\">\n\t\t\t\t\t<p style=\"font-family: Verdana, Geneva, sans-serif; font-size: 10px; line-height: 12px; margin-bottom: -5px;\"><b>R.G.P.D. y L.O.P.D. <\/b>Al pulsar ENVIAR Los datos de car\u00e1cter personal que consten en el formulario ser\u00e1n tratados por ASSOCIACI\u00d3 CATALANA D'OPTOMETRIA I TERAPIA VISUAL CIF G62519772 \u2013 COMTE DE BORREL 179-183, 08015-BARCELONA La finalidad del tratamiento de los datos para la que usted da su consentimiento ser\u00e1 la de gestionar el contrato suscrito con el interesado. Los datos proporcionados se conservar\u00e1n mientras no solicite el cese, se sigan manteniendo las relaciones seg\u00fan lo indicado en el contrato u obliguen a su conservaci\u00f3n otras leyes aplicables.No se ceder\u00e1n a terceros en ning\u00fan otro caso salvo obligaci\u00f3n legal. Ud. tiene derecho al acceso, rectificaci\u00f3n o a solicitar su supresi\u00f3n cuando los datos ya no sean necesarios para los fines que fueron recogidos en los t\u00e9rminos previstos en la Ley, que podr\u00e1 ejercitar mediante escrito dirigido al responsable de los mismos a la Direcci\u00f3n de e-mail acotv@acotv.org Puede consultar informaci\u00f3n adicional en <a href=\"http:\/\/www.aemol.com\/clausulas.php?g62519772\" target=\"_blank\"> http:\/\/www.aemol.com\/clausulas.php?g62519772.<\/a> <\/p><p><\/p>\t\t\t\t<\/div>\n\t\t\t\t\t\t\t\t<div class=\"elementor-field-type-recaptcha_v3 elementor-field-group elementor-column elementor-field-group-field_147a6eb elementor-col-100 recaptcha_v3-bottomright\">\n\t\t\t\t\t<div class=\"elementor-field\" id=\"form-field-field_147a6eb\"><div class=\"elementor-g-recaptcha\" data-sitekey=\"6LcRVzYfAAAAAMcCo9GsLCafCFR79Vi8gCwCOOfU\" data-type=\"v3\" data-action=\"Form\" data-badge=\"bottomright\" data-size=\"invisible\"><\/div><\/div>\t\t\t\t<\/div>\n\t\t\t\t\t\t\t\t<div class=\"elementor-field-group elementor-column elementor-field-type-submit elementor-col-100 e-form__buttons\">\n\t\t\t\t\t<button class=\"elementor-button elementor-size-md\" type=\"submit\">\n\t\t\t\t\t\t<span class=\"elementor-button-content-wrapper\">\n\t\t\t\t\t\t\t\t\t\t\t\t\t\t\t\t\t\t\t\t\t\t<span class=\"elementor-button-text\">ENVIAR<\/span>\n\t\t\t\t\t\t\t\t\t\t\t\t\t<\/span>\n\t\t\t\t\t<\/button>\n\t\t\t\t<\/div>\n\t\t\t<\/div>\n\t\t<\/form>\n\t\t\t\t\t\t<\/div>\n\t\t\t\t<\/div>\n\t\t\t\t\t<\/div>\n\t\t<\/div>\n\t\t\t\t\t<\/div>\n\t\t<\/section>\n\t\t\t\t<\/div>\n\t\t","protected":false},"excerpt":{"rendered":"<p>Difusi\u00f3n en las Escuelas La optometr\u00eda es un campo cada vez m\u00e1s conocido dentro del \u00e1mbito profesional de la educaci\u00f3n. [&hellip;]<\/p>\n","protected":false},"author":1,"featured_media":0,"parent":0,"menu_order":0,"comment_status":"closed","ping_status":"closed","template":"","meta":{"ocean_post_layout":"full-width","ocean_both_sidebars_style":"","ocean_both_sidebars_content_width":0,"ocean_both_sidebars_sidebars_width":0,"ocean_sidebar":"0","ocean_second_sidebar":"0","ocean_disable_margins":"enable","ocean_add_body_class":"","ocean_shortcode_before_top_bar":"","ocean_shortcode_after_top_bar":"","ocean_shortcode_before_header":"","ocean_shortcode_after_header":"","ocean_has_shortcode":"","ocean_shortcode_after_title":"","ocean_shortcode_before_footer_widgets":"","ocean_shortcode_after_footer_widgets":"","ocean_shortcode_before_footer_bottom":"","ocean_shortcode_after_footer_bottom":"","ocean_display_top_bar":"default","ocean_display_header":"default","ocean_header_style":"","ocean_center_header_left_menu":"0","ocean_custom_header_template":"0","ocean_custom_logo":0,"ocean_custom_retina_logo":0,"ocean_custom_logo_max_width":0,"ocean_custom_logo_tablet_max_width":0,"ocean_custom_logo_mobile_max_width":0,"ocean_custom_logo_max_height":0,"ocean_custom_logo_tablet_max_height":0,"ocean_custom_logo_mobile_max_height":0,"ocean_header_custom_menu":"0","ocean_menu_typo_font_family":"0","ocean_menu_typo_font_subset":"","ocean_menu_typo_font_size":0,"ocean_menu_typo_font_size_tablet":0,"ocean_menu_typo_font_size_mobile":0,"ocean_menu_typo_font_size_unit":"px","ocean_menu_typo_font_weight":"","ocean_menu_typo_font_weight_tablet":"","ocean_menu_typo_font_weight_mobile":"","ocean_menu_typo_transform":"","ocean_menu_typo_transform_tablet":"","ocean_menu_typo_transform_mobile":"","ocean_menu_typo_line_height":0,"ocean_menu_typo_line_height_tablet":0,"ocean_menu_typo_line_height_mobile":0,"ocean_menu_typo_line_height_unit":"","ocean_menu_typo_spacing":0,"ocean_menu_typo_spacing_tablet":0,"ocean_menu_typo_spacing_mobile":0,"ocean_menu_typo_spacing_unit":"","ocean_menu_link_color":"","ocean_menu_link_color_hover":"","ocean_menu_link_color_active":"","ocean_menu_link_background":"","ocean_menu_link_hover_background":"","ocean_menu_link_active_background":"","ocean_menu_social_links_bg":"","ocean_menu_social_hover_links_bg":"","ocean_menu_social_links_color":"","ocean_menu_social_hover_links_color":"","ocean_disable_title":"default","ocean_disable_heading":"default","ocean_post_title":"","ocean_post_subheading":"","ocean_post_title_style":"","ocean_post_title_background_color":"","ocean_post_title_background":0,"ocean_post_title_bg_image_position":"","ocean_post_title_bg_image_attachment":"","ocean_post_title_bg_image_repeat":"","ocean_post_title_bg_image_size":"","ocean_post_title_height":0,"ocean_post_title_bg_overlay":0.5,"ocean_post_title_bg_overlay_color":"","ocean_disable_breadcrumbs":"default","ocean_breadcrumbs_color":"","ocean_breadcrumbs_separator_color":"","ocean_breadcrumbs_links_color":"","ocean_breadcrumbs_links_hover_color":"","ocean_display_footer_widgets":"default","ocean_display_footer_bottom":"default","ocean_custom_footer_template":"0","footnotes":""},"class_list":["post-3666","page","type-page","status-publish","hentry","entry"],"yoast_head":"<!-- This site is optimized with the Yoast SEO plugin v25.9 - https:\/\/yoast.com\/wordpress\/plugins\/seo\/ -->\n<title>Difusi\u00f3n en las Escuelas - Asociaci\u00f3n Catalana de Optometr\u00eda y Terapia Visual<\/title>\n<meta name=\"robots\" content=\"index, follow, max-snippet:-1, max-image-preview:large, max-video-preview:-1\" \/>\n<link rel=\"canonical\" href=\"https:\/\/www.acotv.org\/es\/difusion-en-las-escuelas\/\" \/>\n<meta property=\"og:locale\" content=\"es_ES\" \/>\n<meta property=\"og:type\" content=\"article\" \/>\n<meta property=\"og:title\" content=\"Difusi\u00f3n en las Escuelas - Asociaci\u00f3n Catalana de Optometr\u00eda y Terapia Visual\" \/>\n<meta property=\"og:description\" content=\"Difusi\u00f3n en las Escuelas La optometr\u00eda es un campo cada vez m\u00e1s conocido dentro del \u00e1mbito profesional de la educaci\u00f3n. [&hellip;]\" \/>\n<meta property=\"og:url\" content=\"https:\/\/www.acotv.org\/es\/difusion-en-las-escuelas\/\" \/>\n<meta property=\"og:site_name\" content=\"Asociaci\u00f3n Catalana de Optometr\u00eda y Terapia Visual\" \/>\n<meta property=\"article:modified_time\" content=\"2022-04-07T11:52:45+00:00\" \/>\n<meta property=\"og:image\" content=\"https:\/\/www.acotv.org\/wp-content\/uploads\/charla-escuelas.jpg\" \/>\n<meta name=\"twitter:card\" content=\"summary_large_image\" \/>\n<meta name=\"twitter:label1\" content=\"Tiempo de lectura\" \/>\n\t<meta name=\"twitter:data1\" content=\"3 minutos\" \/>\n<script type=\"application\/ld+json\" class=\"yoast-schema-graph\">{\"@context\":\"https:\/\/schema.org\",\"@graph\":[{\"@type\":\"WebPage\",\"@id\":\"https:\/\/www.acotv.org\/es\/difusion-en-las-escuelas\/\",\"url\":\"https:\/\/www.acotv.org\/es\/difusion-en-las-escuelas\/\",\"name\":\"Difusi\u00f3n en las Escuelas - Asociaci\u00f3n Catalana de Optometr\u00eda y Terapia Visual\",\"isPartOf\":{\"@id\":\"https:\/\/www.acotv.org\/ca\/#website\"},\"primaryImageOfPage\":{\"@id\":\"https:\/\/www.acotv.org\/es\/difusion-en-las-escuelas\/#primaryimage\"},\"image\":{\"@id\":\"https:\/\/www.acotv.org\/es\/difusion-en-las-escuelas\/#primaryimage\"},\"thumbnailUrl\":\"https:\/\/www.acotv.org\/wp-content\/uploads\/charla-escuelas.jpg\",\"datePublished\":\"2022-04-07T08:58:12+00:00\",\"dateModified\":\"2022-04-07T11:52:45+00:00\",\"breadcrumb\":{\"@id\":\"https:\/\/www.acotv.org\/es\/difusion-en-las-escuelas\/#breadcrumb\"},\"inLanguage\":\"es\",\"potentialAction\":[{\"@type\":\"ReadAction\",\"target\":[\"https:\/\/www.acotv.org\/es\/difusion-en-las-escuelas\/\"]}]},{\"@type\":\"ImageObject\",\"inLanguage\":\"es\",\"@id\":\"https:\/\/www.acotv.org\/es\/difusion-en-las-escuelas\/#primaryimage\",\"url\":\"https:\/\/www.acotv.org\/wp-content\/uploads\/charla-escuelas.jpg\",\"contentUrl\":\"https:\/\/www.acotv.org\/wp-content\/uploads\/charla-escuelas.jpg\"},{\"@type\":\"BreadcrumbList\",\"@id\":\"https:\/\/www.acotv.org\/es\/difusion-en-las-escuelas\/#breadcrumb\",\"itemListElement\":[{\"@type\":\"ListItem\",\"position\":1,\"name\":\"Portada\",\"item\":\"https:\/\/www.acotv.org\/es\/\"},{\"@type\":\"ListItem\",\"position\":2,\"name\":\"Difusi\u00f3n en las Escuelas\"}]},{\"@type\":\"WebSite\",\"@id\":\"https:\/\/www.acotv.org\/ca\/#website\",\"url\":\"https:\/\/www.acotv.org\/ca\/\",\"name\":\"Asociaci\u00f3n Catalana de Optometr\u00eda y Terapia Visual\",\"description\":\"\",\"potentialAction\":[{\"@type\":\"SearchAction\",\"target\":{\"@type\":\"EntryPoint\",\"urlTemplate\":\"https:\/\/www.acotv.org\/ca\/?s={search_term_string}\"},\"query-input\":{\"@type\":\"PropertyValueSpecification\",\"valueRequired\":true,\"valueName\":\"search_term_string\"}}],\"inLanguage\":\"es\"}]}<\/script>\n<!-- \/ Yoast SEO plugin. -->","yoast_head_json":{"title":"Difusi\u00f3n en las Escuelas - Asociaci\u00f3n Catalana de Optometr\u00eda y Terapia Visual","robots":{"index":"index","follow":"follow","max-snippet":"max-snippet:-1","max-image-preview":"max-image-preview:large","max-video-preview":"max-video-preview:-1"},"canonical":"https:\/\/www.acotv.org\/es\/difusion-en-las-escuelas\/","og_locale":"es_ES","og_type":"article","og_title":"Difusi\u00f3n en las Escuelas - Asociaci\u00f3n Catalana de Optometr\u00eda y Terapia Visual","og_description":"Difusi\u00f3n en las Escuelas La optometr\u00eda es un campo cada vez m\u00e1s conocido dentro del \u00e1mbito profesional de la educaci\u00f3n. [&hellip;]","og_url":"https:\/\/www.acotv.org\/es\/difusion-en-las-escuelas\/","og_site_name":"Asociaci\u00f3n Catalana de Optometr\u00eda y Terapia Visual","article_modified_time":"2022-04-07T11:52:45+00:00","og_image":[{"url":"https:\/\/www.acotv.org\/wp-content\/uploads\/charla-escuelas.jpg","type":"","width":"","height":""}],"twitter_card":"summary_large_image","twitter_misc":{"Tiempo de lectura":"3 minutos"},"schema":{"@context":"https:\/\/schema.org","@graph":[{"@type":"WebPage","@id":"https:\/\/www.acotv.org\/es\/difusion-en-las-escuelas\/","url":"https:\/\/www.acotv.org\/es\/difusion-en-las-escuelas\/","name":"Difusi\u00f3n en las Escuelas - Asociaci\u00f3n Catalana de Optometr\u00eda y Terapia Visual","isPartOf":{"@id":"https:\/\/www.acotv.org\/ca\/#website"},"primaryImageOfPage":{"@id":"https:\/\/www.acotv.org\/es\/difusion-en-las-escuelas\/#primaryimage"},"image":{"@id":"https:\/\/www.acotv.org\/es\/difusion-en-las-escuelas\/#primaryimage"},"thumbnailUrl":"https:\/\/www.acotv.org\/wp-content\/uploads\/charla-escuelas.jpg","datePublished":"2022-04-07T08:58:12+00:00","dateModified":"2022-04-07T11:52:45+00:00","breadcrumb":{"@id":"https:\/\/www.acotv.org\/es\/difusion-en-las-escuelas\/#breadcrumb"},"inLanguage":"es","potentialAction":[{"@type":"ReadAction","target":["https:\/\/www.acotv.org\/es\/difusion-en-las-escuelas\/"]}]},{"@type":"ImageObject","inLanguage":"es","@id":"https:\/\/www.acotv.org\/es\/difusion-en-las-escuelas\/#primaryimage","url":"https:\/\/www.acotv.org\/wp-content\/uploads\/charla-escuelas.jpg","contentUrl":"https:\/\/www.acotv.org\/wp-content\/uploads\/charla-escuelas.jpg"},{"@type":"BreadcrumbList","@id":"https:\/\/www.acotv.org\/es\/difusion-en-las-escuelas\/#breadcrumb","itemListElement":[{"@type":"ListItem","position":1,"name":"Portada","item":"https:\/\/www.acotv.org\/es\/"},{"@type":"ListItem","position":2,"name":"Difusi\u00f3n en las Escuelas"}]},{"@type":"WebSite","@id":"https:\/\/www.acotv.org\/ca\/#website","url":"https:\/\/www.acotv.org\/ca\/","name":"Asociaci\u00f3n Catalana de Optometr\u00eda y Terapia Visual","description":"","potentialAction":[{"@type":"SearchAction","target":{"@type":"EntryPoint","urlTemplate":"https:\/\/www.acotv.org\/ca\/?s={search_term_string}"},"query-input":{"@type":"PropertyValueSpecification","valueRequired":true,"valueName":"search_term_string"}}],"inLanguage":"es"}]}},"_links":{"self":[{"href":"https:\/\/www.acotv.org\/es\/wp-json\/wp\/v2\/pages\/3666","targetHints":{"allow":["GET"]}}],"collection":[{"href":"https:\/\/www.acotv.org\/es\/wp-json\/wp\/v2\/pages"}],"about":[{"href":"https:\/\/www.acotv.org\/es\/wp-json\/wp\/v2\/types\/page"}],"author":[{"embeddable":true,"href":"https:\/\/www.acotv.org\/es\/wp-json\/wp\/v2\/users\/1"}],"replies":[{"embeddable":true,"href":"https:\/\/www.acotv.org\/es\/wp-json\/wp\/v2\/comments?post=3666"}],"version-history":[{"count":5,"href":"https:\/\/www.acotv.org\/es\/wp-json\/wp\/v2\/pages\/3666\/revisions"}],"predecessor-version":[{"id":3794,"href":"https:\/\/www.acotv.org\/es\/wp-json\/wp\/v2\/pages\/3666\/revisions\/3794"}],"wp:attachment":[{"href":"https:\/\/www.acotv.org\/es\/wp-json\/wp\/v2\/media?parent=3666"}],"curies":[{"name":"wp","href":"https:\/\/api.w.org\/{rel}","templated":true}]}}